{"id":920,"date":"2021-02-04T14:39:37","date_gmt":"2021-02-04T13:39:37","guid":{"rendered":"http:\/\/mkrpa.suwalki.pl\/?page_id=920"},"modified":"2026-02-23T08:58:59","modified_gmt":"2026-02-23T07:58:59","slug":"deklaracja-dostepnosci","status":"publish","type":"page","link":"http:\/\/mkrpa.suwalki.pl\/?page_id=920","title":{"rendered":"Deklaracja dost\u0119pno\u015bci"},"content":{"rendered":"\n<div class=\"wp-container-1 wp-block-group\"><div class=\"wp-block-group__inner-container\">\n<article id=\"deklaracja\">\n<h1><span id=\"a11y-deklaracja\">Deklaracja dost\u0119pno\u015bci strony internetowej Miejskiej Komisji Rozwi\u0105zywania Problem\u00f3w Alkoholowych w Suwa\u0142kach<\/span><\/h1>\n<p><span id=\"a11y-wstep\"><span id=\"a11y-podmiot\"> Urz\u0105d Miejski w Suwa\u0142kach <\/span> zobowi\u0105zuje si\u0119 zapewni\u0107 dost\u0119pno\u015b\u0107 strony internetowej Miejskiej Komisji Rozwi\u0105zywania Problem\u00f3w Alkoholowych w Suwa\u0142kach zgodnie z ustaw\u0105 z dnia 4 kwietnia 2019 r. o dost\u0119pno\u015bci cyfrowej stron internetowych i aplikacji mobilnych podmiot\u00f3w publicznych. O\u015bwiadczenie w sprawie dost\u0119pno\u015bci ma zastosowanie do\u00a0<span id=\"a11y-url\"><a href=\"http:\/\/mkrpa.suwalki.pl\">strony internetowej Miejskiej Komisji Rozwi\u0105zywania Problem\u00f3w Alkoholowych w Suwa\u0142kach.<\/a><\/span><\/span><\/p>\n<p>Data publikacji strony internetowej:\u00a0<span id=\"a11y-data-publikacja\">2013-01-28<\/span><\/p>\n<p>Data ostatniej du\u017cej aktualizacji:\u00a0<span id=\"a11y-data-aktualizacja\">2026-02-23<\/span><\/p>\n<h2>Status pod wzgl\u0119dem zgodno\u015bci z ustaw\u0105<\/h2>\n<p><span id=\"a11y-status\">Strona internetowa jest cz\u0119\u015bciowo zgodna z ustaw\u0105 z dnia 4 kwietnia 2019 r. o dost\u0119pno\u015bci cyfrowej stron internetowych i aplikacji mobilnych podmiot\u00f3w publicznych z powodu niezgodno\u015bci lub wy\u0142\u0105cze\u0144 wymienionych poni\u017cej.<\/span><\/p>\n<h3>Informacja o tre\u015bciach niedost\u0119pnych:<\/h3>\n<p>multimedia nie posiadaj\u0105 napis\u00f3w dla os\u00f3b g\u0142uchych<\/p>\n<h3>Wy\u0142\u0105czenia:<\/h3>\n<p>mapy oraz mapy interaktywne s\u0105 wy\u0142\u0105czone z obowi\u0105zku zapewnienia dost\u0119pno\u015bci multimedia opublikowane przed dniem 23 wrze\u015bnia 2020 roku dokumenty opublikowane przed 23 wrze\u015bnia 2018 roku oraz tre\u015bci nie wytworzone lub nie nabyte przez Urz\u0105d Miejski w Suwa\u0142kach &#8211; m.in. zawiadomienia, og\u0142oszenia i obwieszczenia jednostek zewn\u0119trznych, za\u0142\u0105czniki do dokumentacji przetargowych<\/p>\n<h3>Uzasadnienie nadmiernym obci\u0105\u017ceniem:<\/h3>\n<p>Link do wyniku analizy: <span id=\"a11y-ocena\"><\/span><\/p>\n<h3>Przygotowanie deklaracji w sprawie dost\u0119pno\u015bci<\/h3>\n<p>O\u015bwiadczenie sporz\u0105dzono dnia <span id=\"a11y-data-sporzadzenie\">2020-08-05<\/span>. Deklaracja zosta\u0142a ostatnio poddana przegl\u0105dowi i aktualizacji dnia 2026-02-23.<\/p>\n<p>Deklaracj\u0119 sporz\u0105dzono na podstawie samooceny przeprowadzonej przez podmiot publiczny.<\/p>\n<p>Na stronie internetowej mo\u017cna korzysta\u0107 ze standardowych skr\u00f3t\u00f3w klawiaturowych.<\/p>\n<h2><span id=\"a11y-kontakt\">Informacje zwrotne i dane kontaktowe<\/span><\/h2>\n<p>W przypadku problem\u00f3w z dost\u0119pno\u015bci\u0105 strony internetowej prosimy o kontakt. Osob\u0105 kontaktow\u0105 jest <span id=\"a11y-osoba\">Micha\u0142 Nowicki<\/span>, adres poczty elektronicznej <span id=\"a11y-email\"><a href=\"mailto:mnowicki@um.suwalki.pl\">mnowicki@um.suwalki.pl<\/a><\/span>. Kontaktowa\u0107 mo\u017cna si\u0119 tak\u017ce dzwoni\u0105c na numer telefonu <span id=\"a11y-telefon\">875628161<\/span>. T\u0105 sam\u0105 drog\u0105 mo\u017cna sk\u0142ada\u0107 wnioski o udost\u0119pnienie informacji niedost\u0119pnej oraz sk\u0142ada\u0107 skargi na brak zapewnienia dost\u0119pno\u015bci.<\/p>\n<p><span id=\"a11y-procedura\">Ka\u017cdy ma prawo do wyst\u0105pienia z \u017c\u0105daniem zapewnienia dost\u0119pno\u015bci cyfrowej strony internetowej, aplikacji mobilnej lub jakiego\u015b ich elementu. Mo\u017cna tak\u017ce za\u017c\u0105da\u0107 udost\u0119pnienia informacji w formach alternatywnych, na przyk\u0142ad odczytanie niedost\u0119pnego cyfrowo dokumentu, opisania zawarto\u015bci filmu bez audiodeskrypcji itp. \u017b\u0105danie powinno zawiera\u0107 dane osoby zg\u0142aszaj\u0105cej \u017c\u0105danie, wskazanie, o kt\u00f3r\u0105 stron\u0119 internetow\u0105 lub aplikacj\u0119 mobiln\u0105 chodzi oraz spos\u00f3b kontaktu. Je\u017celi osoba \u017c\u0105daj\u0105ca zg\u0142asza potrzeb\u0119 otrzymania informacji w formie alternatywnej, powinna tak\u017ce okre\u015bli\u0107 form\u0119 tej informacji. Podmiot publiczny powinien zrealizowa\u0107 \u017c\u0105danie niezw\u0142ocznie i nie p\u00f3\u017aniej, ni\u017c w ci\u0105gu 7 dni. Je\u017celi dotrzymanie tego terminu nie jest mo\u017cliwe, podmiot publiczny niezw\u0142ocznie informuje o tym, kiedy realizacja \u017c\u0105dania b\u0119dzie mo\u017cliwa, przy czym termin ten nie mo\u017ce by\u0107 d\u0142u\u017cszy ni\u017c 2 miesi\u0105ce. Je\u017celi zapewnienie dost\u0119pno\u015bci nie jest mo\u017cliwe, podmiot publiczny mo\u017ce zaproponowa\u0107 alternatywny spos\u00f3b dost\u0119pu do informacji. W przypadku, gdy podmiot odm\u00f3wi realizacji \u017c\u0105dania zapewnienia dost\u0119pno\u015bci lub alternatywnego dost\u0119pu do informacji, mo\u017cna z\u0142o\u017cy\u0107 skarg\u0119 na takie dzia\u0142anie. Po wyczerpaniu wskazanej wy\u017cej procedury mo\u017cna tak\u017ce z\u0142o\u017cy\u0107 wniosek do <a href=\"https:\/\/www.rpo.gov.pl\/\">Rzecznika Praw Obywatelskich<\/a>.<\/span><\/p>\n<h2>Skargi i odwo\u0142ania<\/h2>\n<p>Nazwa organu odwo\u0142awczego: Prezydent Miasta Suwa\u0142k<\/p>\n<p>Adres organu odwo\u0142awczego: ul. Adama Mickiewicza 1, 16-400 Suwa\u0142ki<\/p>\n<p>Adres e-mail organu odwo\u0142awczego: <a href=\"mailto:org@um.suwalki.pl\">org@um.suwalki.pl<\/a><\/p>\n<p>Telefon organu odwo\u0142awczego: 875628000<\/p>\n<h2 id=\"a11y-architektura\">Dost\u0119pno\u015b\u0107 architektoniczna<\/h2>\n<h2>Urz\u0105d Miejski w Suwa\u0142kach, ul. Adama Mickiewicza 1, 16-400 Suwa\u0142ki<\/h2>\n<div>Do budynku prowadz\u0105 trzy wej\u015bcia przeznaczone dla interesant\u00f3w. Wej\u015bcie g\u0142\u00f3wne znajduje si\u0119 od strony ulicy Adama Mickiewicza, przed wej\u015bciem znajduj\u0105 si\u0119 schody (4 stopnie). Dla os\u00f3b poruszaj\u0105cych si\u0119 na w\u00f3zkach, z ty\u0142u budynku od strony dziedzi\u0144ca (wej\u015bcie przez bram\u0119 po prawej od wej\u015bcia g\u0142\u00f3wnego) znajduj\u0105 si\u0119 dwie pochylnie o optymalnym k\u0105cie nachylenia. Pochylnia po prawej prowadzi do Wydzia\u0142u Komunikacji, natomiast pochylnia po lewej stronie do g\u0142\u00f3wnej cz\u0119\u015bci budynku. <br \/>Przy wszystkich trzech wej\u015bciach znajduj\u0105 si\u0119 przyciski systemu przywo\u0142awczego, za pomoc\u0105 kt\u00f3rych mo\u017cna wezwa\u0107 pracownika urz\u0119du.<br \/>Na drzwiach wej\u015bcia g\u0142\u00f3wnego znajduje si\u0119 tablica informuj\u0105ca o godzinach otwarcia urz\u0119du oraz godzinach przyj\u0119\u0107 interesant\u00f3w napisana j\u0119zykiem Braille\u2019a.<br \/>Wolne od barier poziomych i pionowych s\u0105 wszystkie przestrzenie komunikacyjne budynku oraz pomieszczenia, z wyj\u0105tkiem pomieszcze\u0144 technicznych. W budynku funkcjonuje winda \u0142\u0105cz\u0105ca wszystkie kondygnacje. Budynek zosta\u0142 wyposa\u017cony w mat\u0119 bezpiecze\u0144stwa s\u0142u\u017c\u0105c\u0105 do ewakuacji os\u00f3b z niepe\u0142nosprawno\u015bci\u0105.\u00a0<br \/>Przy wej\u015bciu g\u0142\u00f3wnym do budynku po prawej stronie znajduje si\u0119 Portiernia. Pracownik portierni zapewnia wsparcie osobom ze szczeg\u00f3lnymi potrzebami. Lada przy portierni na parterze jest obni\u017cona. W budynku zlokalizowano toalet\u0119 przystosowan\u0105 dla os\u00f3b z niepe\u0142nosprawno\u015bciami na parterze po prawej stronie za portierni\u0105. \u00a0<br \/>Naprzeciw wej\u015bcia g\u0142\u00f3wnego znajduje si\u0119 tablica informacyjna w kontrastowej kolorystyce (czarne litery na jasnym tle).<\/div>\n<div><strong>Miejsca parkingowe<\/strong><br \/>W bezpo\u015brednim s\u0105siedztwie siedziby Urz\u0119du Miejskiego w Suwa\u0142kach przy ulicy Adama Mickiewicza 1 znajduj\u0105 si\u0119 4 miejsca parkingowe dla os\u00f3b niepe\u0142nosprawnych. <br \/>Wok\u00f3\u0142 ratusza dzia\u0142a strefa p\u0142atnego parkowania. <br \/>Parkowanie na oznaczonych miejscach jest bezp\u0142atne dla os\u00f3b posiadaj\u0105cych kart\u0119 parkingow\u0105 osoby niepe\u0142nosprawnej.<\/div>\n<div><strong>Komunikacja miejska<\/strong><br \/>W bezpo\u015brednim s\u0105siedztwie budynku od strony ul. Ko\u015bciuszki znajduj\u0105 si\u0119 dwa przystanki autobusowe:<br \/>&#8211; Ko\u015bciuszki\/Zesp\u00f3\u0142 Szk\u00f3\u0142 nr 2 (02) w kierunku p\u00f3\u0142nocnym &#8211; linie nr 10,12,16,19,21,23,26<br \/>&#8211; Ko\u015bciuszki \/Urz\u0105d Miejski (03) w kierunku po\u0142udniowym &#8211; linie nr 6,10,16,19,21,23<\/div>\n<div><strong>T\u0142umacz j\u0119zyka migowego<\/strong><br \/>Obs\u0142uga os\u00f3b z dysfunkcj\u0105 s\u0142uchu w Urz\u0119dzie Miejskim w Suwa\u0142kach jest mo\u017cliwa z udzia\u0142em t\u0142umacza j\u0119zyka migowego b\u0119d\u0105cego pracownikiem Fundacji Diarice. Osoba potrzebuj\u0105ca pomocy (lub osoba w jej imieniu) powinna zg\u0142osi\u0107 ch\u0119\u0107 skorzystania z pomocy t\u0142umacza j\u0119zyka migowego na 3 dni robocze przed planowan\u0105 wizyt\u0105. Ch\u0119\u0107 skorzystania z pomocy t\u0142umacza mo\u017cna zg\u0142osi\u0107: osobi\u015bcie \u2013 w Urz\u0119dzie Miejskim w Suwa\u0142kach, ul. Mickiewicza 1, parter (portiernia); pisemnie na adres: Urz\u0105d Miejski w Suwa\u0142kach, ul. Mickiewicza 1, 16-400 Suwa\u0142ki; za pomoc\u0105 poczty elektronicznej na adres org@um.suwalki.pl; telefonicznie na numer 87 562-80-00. Do zg\u0142oszenia nale\u017cy poda\u0107 nast\u0119puj\u0105ce dane: imi\u0119 i nazwisko osoby potrzebuj\u0105cej pomocy; wskazanie terminu i godziny wizyty, wydzia\u0142u lub opisu sprawy; numer telefonu osoby do kontaktu lub adres e-mail. W\u0142a\u015bciwy wydzia\u0142 do za\u0142atwienia sprawy zg\u0142asza potrzeb\u0119 pomocy t\u0142umacza j\u0119zyka migowego do punktu informacyjnego prowadzonego przez Fundacj\u0119 Diarice przy ul. Weso\u0142ej 22 w Suwa\u0142kach pod numer telefonu: 505-984-459.<\/div>\n<div><strong>P\u0119tle indukcyjne<\/strong><br \/>Aby zwi\u0119kszy\u0107 komfort w komunikacji os\u00f3b s\u0142abos\u0142ysz\u0105cych posiadamy dwie przeno\u015bne p\u0119tle indukcyjne. <br \/>P\u0119tla indukcyjna zlokalizowana jest w Wydziale Komunikacji oraz na parterze przy wej\u015bciu g\u0142\u00f3wnym na stanowisku Portiera i udost\u0119pniana jest zgodnie z potrzebami poszczeg\u00f3lnym wydzia\u0142om.<\/div>\n<div><strong>Informacje dla os\u00f3b niewidomych i s\u0142abowidz\u0105cych<\/strong><br \/>Do budynku i wszystkich jego pomieszcze\u0144 mo\u017cna wej\u015b\u0107 z psem asystuj\u0105cym i psem przewodnikiem.<br \/>Na klatce schodowej pocz\u0105tek i koniec biegu schod\u00f3w zosta\u0142 oznaczony kontrastowym kolorem.<\/div>\n<div>W holu g\u0142\u00f3wnym znajduje si\u0119 tablica tyflograficzna przedstawiaj\u0105ca plan parteru budynku. Na drzwiach pokoi nr 18 (meldunki) oraz 23 (dowody osobiste), znajduj\u0105 si\u0119 tabliczki informacyjne w formie wizualnej oraz dotykowej w j\u0119zyku Braill&#8217;a wraz z NFC.<\/div>\n<div>W g\u0142\u00f3wnym holu budynku na Biurze Podawczym znajduj\u0105 si\u0119 urz\u0105dzenia wspomagaj\u0105ce osoby niewidome i s\u0142abowidz\u0105ce tj. elektroniczna lupa oraz urz\u0105dzenie lektorskie z funkcj\u0105 powi\u0119kszania tekstu.<\/div>\n<h2>Urz\u0105d Miejski w Suwa\u0142kach, ul. Teofila Noniewicza 71A, 16-400 Suwa\u0142ki<\/h2>\n<p>Do budynku prowadzi wej\u015bcie g\u0142\u00f3wne od strony Teofila Noniewicza. Przed wej\u015bciem znajduj\u0105 si\u0119 schody (7 stopni). Dla os\u00f3b poruszaj\u0105cych si\u0119 na w\u00f3zkach, z ty\u0142u budynku od strony parkingu (od ul. Ks. Jerzego Jana Zawadzkiego) znajduje si\u0119 pochylnia o optymalnym k\u0105cie nachylenia. Do pochylni mo\u017cna dojecha\u0107 szerokim chodnikiem zar\u00f3wno od strony ul. Ks. Jerzego Jana Zawadzkiego, jak i ul. Teofila Noniewicza.<br \/>Po wej\u015bciu do budynku (od ul. Noniewicza) znajduje si\u0119 sala obs\u0142ugi klienta. Pracownicy zapewniaj\u0105 wsparcie osobom ze szczeg\u00f3lnymi potrzebami. Lada zlokalizowana w sali na parterze i stanowiska obs\u0142ugi s\u0105 odpowiednio obni\u017cone. W budynku zlokalizowano toalety przystosowane dla os\u00f3b z niepe\u0142nosprawno\u015bciami na ka\u017cdej kondygnacji opr\u00f3cz poddasza, natomiast na lewo od wej\u015bcia g\u0142\u00f3wnego zlokalizowano ponadto pok\u00f3j dla matki z dzieckiem. Dodatkowo mo\u017cliwo\u015b\u0107 skorzystania z przystosowanej toalety jest w budynku toalety publicznej zlokalizowanej w wolnostoj\u0105cym budynku z ty\u0142u urz\u0119du. <br \/>Po lewej stronie od wej\u015bcia g\u0142\u00f3wnego znajduje si\u0119 tablica informacyjna w kontrastowej kolorystyce (czarne litery na jasnym tle).<br \/><strong>Miejsca parkingowe<\/strong><br \/>W bezpo\u015brednim s\u0105siedztwie siedziby Urz\u0119du Miejskiego znajduj\u0105 si\u0119 miejsca parkingowe dla os\u00f3b niepe\u0142nosprawnych:<br \/>2 miejsca z ty\u0142u budynku od strony ul. Ks. Jerzego Jana Zawadzkiego <br \/><strong>Komunikacja miejska<\/strong><br \/>W bezpo\u015brednim s\u0105siedztwie budynku od strony ul. Teofila Noniewicza 71A znajduj\u0105 si\u0119 dwa przystanki autobusowe:<br \/>&#8211; Noniewicza\/Plac Marii Konopnickiej (04) w kierunku p\u00f3\u0142nocnym &#8211; linie nr 2,3,4,5,6,7,8,10,11,14,16,18,23,24 <br \/>&#8211; Noniewicza\/Urz\u0105d Miejski (03) w kierunku po\u0142udniowym &#8211; linie nr 2,4,7,8,14,18,24<br \/><strong>T\u0142umacz j\u0119zyka migowego<\/strong><br \/>Obs\u0142uga os\u00f3b z dysfunkcj\u0105 s\u0142uchu w Urz\u0119dzie Miejskim w Suwa\u0142kach jest mo\u017cliwa z udzia\u0142em t\u0142umacza j\u0119zyka migowego z Fundacji Diarice.<br \/>Osoba potrzebuj\u0105ca pomocy (lub osoba w jej imieniu) powinna zg\u0142osi\u0107 ch\u0119\u0107 skorzystania z pomocy t\u0142umacza j\u0119zyka migowego na 3 dni robocze przed planowan\u0105 wizyt\u0105.<br \/>Ch\u0119\u0107 skorzystania z pomocy t\u0142umacza mo\u017cna zg\u0142osi\u0107:<br \/>&#8211; osobi\u015bcie \u2013 w Urz\u0119dzie Miejskim w Suwa\u0142kach, ul. Mickiewicza 1, parter (portiernia),<br \/>&#8211; pisemnie na adres: Urz\u0105d Miejski w Suwa\u0142kach, ul. Mickiewicza 1, 16-400 Suwa\u0142ki, <br \/>&#8211; za pomoc\u0105 poczty elektronicznej na adres \u2013 org@um.suwalki.pl,<br \/>&#8211; telefonicznie na numer \u2013 87 562-80-00.<br \/>Do zg\u0142oszenia nale\u017cy poda\u0107 nast\u0119puj\u0105ce dane:<br \/>&#8211; imi\u0119 i nazwisko osoby potrzebuj\u0105cej pomocy,<br \/>&#8211; wskazanie terminu i godziny wizyty, wydzia\u0142u lub opisu sprawy, <br \/>&#8211; numer telefonu osoby do kontaktu lub adres e-mail.<br \/>W\u0142a\u015bciwy wydzia\u0142 do za\u0142atwienia sprawy zg\u0142asza potrzeb\u0119 pomocy t\u0142umacza j\u0119zyka migowego do punktu informacyjnego prowadzonego przez Fundacj\u0119 Diarice przy ul. Weso\u0142ej 18 w Suwa\u0142kach pod numer telefonu: 505-984-459 od poniedzia\u0142ku do pi\u0105tku w godz. 9.00-13.00.<br \/><strong>P\u0119tle indukcyjne<\/strong><br \/>Aby zwi\u0119kszy\u0107 komfort w komunikacji os\u00f3b s\u0142abos\u0142ysz\u0105cych posiadamy przeno\u015bne p\u0119tle indukcyjne. <br \/>P\u0119tla indukcyjna zlokalizowana jest na parterze przy wej\u015bciu g\u0142\u00f3wnym na stanowisku nr 3 (biuro podawcze) i udost\u0119pniana jest zgodnie z potrzebami poszczeg\u00f3lnym wydzia\u0142om. <br \/><strong>Informacje dla os\u00f3b niewidomych i s\u0142abowidz\u0105cych<\/strong><br \/>Do budynku i wszystkich jego pomieszcze\u0144 mo\u017cna wej\u015b\u0107 z psem asystuj\u0105cym i psem przewodnikiem.<br \/>W budynku znajduje si\u0119 d\u017awig osobowy dost\u0119pny dla os\u00f3b niepe\u0142nosprawnych. W sali obs\u0142ugi klienta na parterze znajduj\u0105 si\u0119 urz\u0105dzenia wspomagaj\u0105ce osoby niewidome i s\u0142abowidz\u0105ce tj. elektroniczna lupa oraz urz\u0105dzenie lektorskie z funkcj\u0105 powi\u0119kszania tekstu.<\/p>\n<\/article>\n<article>\n<h3>Udogodnienia<\/h3>\n<p>1. Na stronie mo\u017cna nawigowa\u0107 za pomoc\u0105 klawisza tabulacji TAB.<\/p>\n<p>2. Strona posiada wersj\u0119 o du\u017cym kontra\u015bcie.<\/p>\n<p>3. Na stronie jest mo\u017cliwo\u015b\u0107 zmiany wielko\u015bci czcionki.<\/p>\n<h3>Inne informacje i o\u015bwiadczenia<\/h3>\n<p>Urz\u0105d Miejski w Suwa\u0142kach dok\u0142ada stara\u0144 aby sukcesywnie wymienia\u0107 tre\u015bci niedost\u0119pne cyfrowo na tre\u015bci dost\u0119pne cyfrowo na stronie internetowej Miejskiej Komisji Rozwi\u0105zywania Problem\u00f3w Alkoholowych w Suwa\u0142kach. Dotyczy to mi\u0119dzy innymi skanowanych dokument\u00f3w, zdj\u0119\u0107 i link\u00f3w bez opis\u00f3w alternatywnych, multimedi\u00f3w bez napis\u00f3w dla os\u00f3b g\u0142uchych.<\/p>\n<\/article>\n<\/div><\/div>\n\n\n\n<p><\/p>\n","protected":false},"excerpt":{"rendered":"<p>Deklaracja dost\u0119pno\u015bci strony internetowej Miejskiej Komisji Rozwi\u0105zywania Problem\u00f3w Alkoholowych w Suwa\u0142kach Urz\u0105d Miejski w Suwa\u0142kach zobowi\u0105zuje si\u0119 zapewni\u0107 dost\u0119pno\u015b\u0107 strony internetowej Miejskiej Komisji Rozwi\u0105zywania Problem\u00f3w Alkoholowych w Suwa\u0142kach zgodnie z ustaw\u0105 z dnia 4 kwietnia 2019 r. o dost\u0119pno\u015bci cyfrowej stron internetowych i aplikacji mobilnych podmiot\u00f3w publicznych. O\u015bwiadczenie w sprawie dost\u0119pno\u015bci ma zastosowanie do\u00a0strony internetowej [&hellip;]<\/p>\n","protected":false},"author":5,"featured_media":0,"parent":0,"menu_order":0,"comment_status":"closed","ping_status":"closed","template":"","meta":[],"_links":{"self":[{"href":"http:\/\/mkrpa.suwalki.pl\/index.php?rest_route=\/wp\/v2\/pages\/920"}],"collection":[{"href":"http:\/\/mkrpa.suwalki.pl\/index.php?rest_route=\/wp\/v2\/pages"}],"about":[{"href":"http:\/\/mkrpa.suwalki.pl\/index.php?rest_route=\/wp\/v2\/types\/page"}],"author":[{"embeddable":true,"href":"http:\/\/mkrpa.suwalki.pl\/index.php?rest_route=\/wp\/v2\/users\/5"}],"replies":[{"embeddable":true,"href":"http:\/\/mkrpa.suwalki.pl\/index.php?rest_route=%2Fwp%2Fv2%2Fcomments&post=920"}],"version-history":[{"count":36,"href":"http:\/\/mkrpa.suwalki.pl\/index.php?rest_route=\/wp\/v2\/pages\/920\/revisions"}],"predecessor-version":[{"id":1618,"href":"http:\/\/mkrpa.suwalki.pl\/index.php?rest_route=\/wp\/v2\/pages\/920\/revisions\/1618"}],"wp:attachment":[{"href":"http:\/\/mkrpa.suwalki.pl\/index.php?rest_route=%2Fwp%2Fv2%2Fmedia&parent=920"}],"curies":[{"name":"wp","href":"https:\/\/api.w.org\/{rel}","templated":true}]}}